{"id":9028,"date":"2022-12-13T14:32:48","date_gmt":"2022-12-13T11:32:48","guid":{"rendered":"https:\/\/drept.usm.md\/?page_id=9028"},"modified":"2022-12-26T10:35:06","modified_gmt":"2022-12-26T07:35:06","slug":"misiunea-facultatii","status":"publish","type":"page","link":"https:\/\/drept.usm.md\/?page_id=9028","title":{"rendered":"Misiunea Facult\u0103\u021bii"},"content":{"rendered":"<p><img fetchpriority=\"high\" decoding=\"async\" class=\"size-medium wp-image-9323 alignleft\" src=\"https:\/\/drept.usm.md\/wp-content\/uploads\/img-300x200.jpg\" alt=\"\" width=\"300\" height=\"200\" \/><\/p>\n<p><span style=\"font-family: arial, helvetica, sans-serif;\"><em><strong>Misiunea educa\u021bional\u0103 a Facult\u0103\u021bii de Drept\u00a0<\/strong><\/em>rezid\u0103 \u00een:<\/span><\/p>\n<p><span style=\"font-family: arial, helvetica, sans-serif;\">1.<em>\u00a0formarea ini\u021bial\u0103 a speciali\u0219tilor de \u00eenalt\u0103 calificare, bazat\u0103 pe cuno\u0219tin\u021be temeinice nu doar teoretice, dar \u0219i practice;<\/em><\/span><\/p>\n<p><span style=\"font-family: arial, helvetica, sans-serif;\">2<em>. cultivarea la studen\u021bi, \u00eentr-un termen restr\u00e2ns, a aptitudinilor \u0219i abilit\u0103\u021bilor practice necesare, \u00een perspectiva devenirii lor ca profesioni\u0219ti;<\/em><\/span><\/p>\n<p><span style=\"font-family: arial, helvetica, sans-serif;\">3.<em>\u00a0crearea premiselor sigure de integrare socio-profesional\u0103 de succes, \u00een contextul sistemului de drept din Republica Moldova.<\/em><\/span><\/p>\n<p style=\"text-align: justify;\"><span style=\"font-family: arial, helvetica, sans-serif;\">Facultatea de Drept a USM a fost \u0219i r\u0103m\u00e2ne una de elit\u0103 la toate capitolele: instruire &#8211; educa\u021bie, \u0219tiin\u021b\u0103, cercetare. Fiind clasat\u0103 pe primul loc \u00een ce prive\u0219te preg\u0103tirea cadrelor juridice de \u00eenalt\u0103 calificare \u0219i dezvoltarea \u0219tiin\u021bei juridice, ea a devenit o tor\u021b\u0103 mereu aprins\u0103 de cultur\u0103 juridic\u0103, de unde pornesc idei reformatoare viz\u00e2nd edificarea statului de drept \u0219i a unei societ\u0103\u021bi democratice, av\u00e2nd ca finalitate realizarea supremei drept\u0103\u021bi, ap\u0103rarea demnit\u0103\u021bii umane prin libera ei dezvoltare.<\/span><\/p>\n<p style=\"text-align: justify;\"><span style=\"font-family: arial, helvetica, sans-serif;\">De\u021bin\u00e2nd titlul de prestigioas\u0103 institu\u021bie de \u00eenv\u0103\u021b\u0103m\u00e2nt din \u021bar\u0103, ast\u0103zi Facultatea de Drept se prezint\u0103 ca un centru universitar de tradi\u021bie, cu un colectiv de cadre didactice \u0219i \u0219tiin\u021bifice profesioniste \u0219i studen\u021bi uni\u021bi prin acela\u0219i scop &#8211; de a contribui la reformarea domeniului juridic, la \u00eentronarea drept\u0103\u021bii, democra\u021biei, la asigurarea suprema\u021biei Legii.<\/span><\/p>\n<p style=\"text-align: justify;\"><span style=\"font-family: arial, helvetica, sans-serif;\">Odat\u0103 cu aderarea Republicii Moldova la Procesul Bologna, studiile universitare se desf\u0103\u0219oar\u0103 \u00een 3 cicluri: I &#8211; licen\u021b\u0103, II &#8211; masterat \u0219i III &#8211; doctorat. \u00cen fiecare an, peste 200 cadre didactice de \u00eenalt\u0103 calificare sunt implica\u021bi cu maxim\u0103 responsabilitate \u00een procesul de instruire \u0219i educa\u021bie la facultate, urm\u0103rind preg\u0103tirea speciali\u0219tilor \u00een toate domeniile dreptului ce se studiaz\u0103 la aceste etape.<\/span><\/p>\n<p style=\"text-align: justify;\"><span style=\"font-family: arial, helvetica, sans-serif;\">Majoritatea profesorilor de la Facultatea de Drept au efectuat stagii \u00een prestigioase universit\u0103\u021bi din Europa de Vest \u0219i din SUA, iar o bun\u0103 parte din ei \u0219i-au f\u0103cut studiile de masterat sau de doctorat \u00een institu\u021bii universitare din Rom\u00e2nia, Rusia, Olanda, Belgia, Fran\u021ba, Germania, sus\u021bin\u00e2nd cu succes tezele. Anual, aulele Facult\u0103\u021bii de Drept g\u0103zduiesc prelegerile profesorilor cu renume european \u0219i mondial.<\/span><\/p>\n<p style=\"text-align: justify;\"><span style=\"font-family: arial, helvetica, sans-serif;\">\u00cencep\u00e2nd cu anul 1993, \u00een cadrul Facult\u0103\u021bii de Drept a USM activeaz\u0103 Consiliul \u0219tiin\u021bific specializat de conferire a titlurilor \u0219tiin\u021bifice de doctor \u0219i de doctor habilitat \u00een drept &#8211; primul de acest gen \u00een Republica Moldova.<\/span><\/p>\n<p style=\"text-align: justify;\"><span style=\"font-family: arial, helvetica, sans-serif;\">Facultatea are \u00een componen\u021b\u0103 filierele anglofon\u0103 \u0219i francofon\u0103, \u00een cadrul c\u0103rora \u00ee\u0219i pot face studiile \u00een domeniul dreptului studen\u021bii ce posed\u0103 la un nivel \u00eenalt limba francez\u0103 sau limba englez\u0103, form\u00e2ndu-\u0219i astfel o \u021binut\u0103 lingvistic\u0103 adecvat\u0103 procesului de aderare a Republicii Moldova la familia european\u0103.<\/span><\/p>\n<p style=\"text-align: justify;\">Calitatea studiilor la Facultatea de Drept este asigurat\u0103 de suportul didactic adecvat \u0219i de literatura de specialitate, pe care studen\u021bii o pot consulta \u00een cele 4 s\u0103li de lectur\u0103 ale Bibliotecii USM.<\/p>\n","protected":false},"excerpt":{"rendered":"<p>Misiunea educa\u021bional\u0103 a Facult\u0103\u021bii de Drept\u00a0rezid\u0103 \u00een: 1.\u00a0formarea ini\u021bial\u0103 a speciali\u0219tilor de \u00eenalt\u0103 calificare, bazat\u0103 pe cuno\u0219tin\u021be temeinice nu doar teoretice, dar \u0219i practice; 2. cultivarea la studen\u021bi, \u00eentr-un termen restr\u00e2ns, a aptitudinilor \u0219i abilit\u0103\u021bilor practice necesare, \u00een perspectiva devenirii lor ca profesioni\u0219ti; 3.\u00a0crearea premiselor sigure de integrare socio-profesional\u0103 de succes, \u00een contextul sistemului de&hellip; <br \/> <a class=\"read-more\" href=\"https:\/\/drept.usm.md\/?page_id=9028\">Cite\u0219te mai mult<\/a><\/p>\n","protected":false},"author":1,"featured_media":9323,"parent":0,"menu_order":0,"comment_status":"closed","ping_status":"closed","template":"elementor_theme","meta":{"wp_social_preview_title":"","wp_social_preview_description":"","wp_social_preview_image":0,"footnotes":""},"class_list":["post-9028","page","type-page","status-publish","has-post-thumbnail","hentry"],"rttpg_featured_image_url":{"full":["https:\/\/drept.usm.md\/wp-content\/uploads\/img.jpg",950,633,false],"landscape":["https:\/\/drept.usm.md\/wp-content\/uploads\/img.jpg",950,633,false],"portraits":["https:\/\/drept.usm.md\/wp-content\/uploads\/img.jpg",950,633,false],"thumbnail":["https:\/\/drept.usm.md\/wp-content\/uploads\/img-150x150.jpg",150,150,true],"medium":["https:\/\/drept.usm.md\/wp-content\/uploads\/img-300x200.jpg",300,200,true],"large":["https:\/\/drept.usm.md\/wp-content\/uploads\/img.jpg",950,633,false],"1536x1536":["https:\/\/drept.usm.md\/wp-content\/uploads\/img.jpg",950,633,false],"2048x2048":["https:\/\/drept.usm.md\/wp-content\/uploads\/img.jpg",950,633,false],"htmega_size_585x295":["https:\/\/drept.usm.md\/wp-content\/uploads\/img-585x295.jpg",585,295,true],"htmega_size_1170x536":["https:\/\/drept.usm.md\/wp-content\/uploads\/img-950x536.jpg",950,536,true],"htmega_size_396x360":["https:\/\/drept.usm.md\/wp-content\/uploads\/img-396x360.jpg",396,360,true],"post-thumbnail":["https:\/\/drept.usm.md\/wp-content\/uploads\/img.jpg",950,633,false],"mesmerize-full-hd":["https:\/\/drept.usm.md\/wp-content\/uploads\/img.jpg",950,633,false],"wp_social_preview_default":["https:\/\/drept.usm.md\/wp-content\/uploads\/img.jpg",945,630,false],"wp_social_preview_twitter":["https:\/\/drept.usm.md\/wp-content\/uploads\/img.jpg",900,600,false],"wp_social_preview_twitter_square":["https:\/\/drept.usm.md\/wp-content\/uploads\/img.jpg",600,400,false]},"rttpg_author":{"display_name":"rosenberg","author_link":"https:\/\/drept.usm.md\/?author=1"},"rttpg_comment":0,"rttpg_category":null,"rttpg_excerpt":"Misiunea educa\u021bional\u0103 a Facult\u0103\u021bii de Drept\u00a0rezid\u0103 \u00een: 1.\u00a0formarea ini\u021bial\u0103 a speciali\u0219tilor de \u00eenalt\u0103 calificare, bazat\u0103 pe cuno\u0219tin\u021be temeinice nu doar teoretice, dar \u0219i practice; 2. cultivarea la studen\u021bi, \u00eentr-un termen restr\u00e2ns, a aptitudinilor \u0219i abilit\u0103\u021bilor practice necesare, \u00een perspectiva devenirii lor ca profesioni\u0219ti; 3.\u00a0crearea premiselor sigure de integrare socio-profesional\u0103 de succes, \u00een contextul sistemului de&hellip;&hellip;","_links":{"self":[{"href":"https:\/\/drept.usm.md\/index.php?rest_route=\/wp\/v2\/pages\/9028","targetHints":{"allow":["GET"]}}],"collection":[{"href":"https:\/\/drept.usm.md\/index.php?rest_route=\/wp\/v2\/pages"}],"about":[{"href":"https:\/\/drept.usm.md\/index.php?rest_route=\/wp\/v2\/types\/page"}],"author":[{"embeddable":true,"href":"https:\/\/drept.usm.md\/index.php?rest_route=\/wp\/v2\/users\/1"}],"replies":[{"embeddable":true,"href":"https:\/\/drept.usm.md\/index.php?rest_route=%2Fwp%2Fv2%2Fcomments&post=9028"}],"version-history":[{"count":10,"href":"https:\/\/drept.usm.md\/index.php?rest_route=\/wp\/v2\/pages\/9028\/revisions"}],"predecessor-version":[{"id":9339,"href":"https:\/\/drept.usm.md\/index.php?rest_route=\/wp\/v2\/pages\/9028\/revisions\/9339"}],"wp:featuredmedia":[{"embeddable":true,"href":"https:\/\/drept.usm.md\/index.php?rest_route=\/wp\/v2\/media\/9323"}],"wp:attachment":[{"href":"https:\/\/drept.usm.md\/index.php?rest_route=%2Fwp%2Fv2%2Fmedia&parent=9028"}],"curies":[{"name":"wp","href":"https:\/\/api.w.org\/{rel}","templated":true}]}}